{"id":4409,"date":"2025-01-01T01:21:40","date_gmt":"2025-01-01T07:21:40","guid":{"rendered":"https:\/\/www.abileneteachersfcu.org\/?page_id=4409"},"modified":"2025-01-01T01:22:28","modified_gmt":"2025-01-01T07:22:28","slug":"vacaciones","status":"publish","type":"page","link":"https:\/\/www.abileneteachersfcu.org\/es\/acerca-de\/vacaciones\/","title":{"rendered":"Vacaciones"},"content":{"rendered":"","protected":false},"excerpt":{"rendered":"","protected":false},"author":11,"featured_media":0,"parent":1633,"menu_order":0,"comment_status":"closed","ping_status":"closed","template":"","meta":{"_acf_changed":false,"_searchwp_excluded":"","footnotes":""},"class_list":["post-4409","page","type-page","status-publish","hentry"],"acf":[],"yoast_head":"<!-- This site is optimized with the Yoast SEO plugin v27.2 - https:\/\/yoast.com\/product\/yoast-seo-wordpress\/ -->\n<title>Holidays - Abilene Teachers Federal Credit Union Holidays Credit Union Holidays<\/title>\n<meta name=\"description\" content=\"Abilene Teachers FCU observes the holidays recognized by the Federal Reserve. Even when we&#039;re closed, our debit cards work hard 24\/7\/365.\" \/>\n<meta name=\"robots\" content=\"index, follow, max-snippet:-1, max-image-preview:large, max-video-preview:-1\" \/>\n<link rel=\"canonical\" href=\"https:\/\/www.abileneteachersfcu.org\/es\/acerca-de\/vacaciones\/\" \/>\n<meta property=\"og:locale\" content=\"es_ES\" \/>\n<meta property=\"og:type\" content=\"article\" \/>\n<meta property=\"og:title\" content=\"Holidays - Abilene Teachers Federal Credit Union Holidays Credit Union Holidays\" \/>\n<meta property=\"og:description\" content=\"Abilene Teachers FCU observes the holidays recognized by the Federal Reserve. Even when we&#039;re closed, our debit cards work hard 24\/7\/365.\" \/>\n<meta property=\"og:url\" content=\"https:\/\/www.abileneteachersfcu.org\/es\/acerca-de\/vacaciones\/\" \/>\n<meta property=\"og:site_name\" content=\"Abilene Teachers Federal Credit Union\" \/>\n<meta property=\"article:modified_time\" content=\"2025-01-01T07:22:28+00:00\" \/>\n<meta name=\"twitter:card\" content=\"summary_large_image\" \/>\n<meta name=\"twitter:label1\" content=\"Est. reading time\" \/>\n\t<meta name=\"twitter:data1\" content=\"1 minuto\" \/>\n<script type=\"application\/ld+json\" class=\"yoast-schema-graph\">{\"@context\":\"https:\/\/schema.org\",\"@graph\":[{\"@type\":\"WebPage\",\"@id\":\"https:\/\/www.abileneteachersfcu.org\/about\/holidays\/\",\"url\":\"https:\/\/www.abileneteachersfcu.org\/about\/holidays\/\",\"name\":\"Holidays - Abilene Teachers Federal Credit Union Holidays Credit Union Holidays\",\"isPartOf\":{\"@id\":\"https:\/\/www.abileneteachersfcu.org\/#website\"},\"datePublished\":\"2025-01-01T07:21:40+00:00\",\"dateModified\":\"2025-01-01T07:22:28+00:00\",\"description\":\"Abilene Teachers FCU observes the holidays recognized by the Federal Reserve. Even when we're closed, our debit cards work hard 24\/7\/365.\",\"breadcrumb\":{\"@id\":\"https:\/\/www.abileneteachersfcu.org\/about\/holidays\/#breadcrumb\"},\"inLanguage\":\"es-ES\",\"potentialAction\":[{\"@type\":\"ReadAction\",\"target\":[\"https:\/\/www.abileneteachersfcu.org\/about\/holidays\/\"]}]},{\"@type\":\"BreadcrumbList\",\"@id\":\"https:\/\/www.abileneteachersfcu.org\/about\/holidays\/#breadcrumb\",\"itemListElement\":[{\"@type\":\"ListItem\",\"position\":1,\"name\":\"Home\",\"item\":\"https:\/\/www.abileneteachersfcu.org\/\"},{\"@type\":\"ListItem\",\"position\":2,\"name\":\"About Us\",\"item\":\"https:\/\/www.abileneteachersfcu.org\/about\/\"},{\"@type\":\"ListItem\",\"position\":3,\"name\":\"Holidays\"}]},{\"@type\":\"WebSite\",\"@id\":\"https:\/\/www.abileneteachersfcu.org\/#website\",\"url\":\"https:\/\/www.abileneteachersfcu.org\/\",\"name\":\"Abilene Teachers Federal Credit Union\",\"description\":\"\",\"potentialAction\":[{\"@type\":\"SearchAction\",\"target\":{\"@type\":\"EntryPoint\",\"urlTemplate\":\"https:\/\/www.abileneteachersfcu.org\/?s={search_term_string}\"},\"query-input\":{\"@type\":\"PropertyValueSpecification\",\"valueRequired\":true,\"valueName\":\"search_term_string\"}}],\"inLanguage\":\"es-ES\"}]}<\/script>\n<!-- \/ Yoast SEO plugin. -->","yoast_head_json":{"title":"D\u00edas festivos - D\u00edas festivos de la Cooperativa de Cr\u00e9dito Federal de Maestros de Abilene D\u00edas festivos de la Cooperativa de Cr\u00e9dito","description":"Abilene Teachers FCU observa los d\u00edas festivos reconocidos por la Reserva Federal. Incluso cuando estamos cerrados, nuestras tarjetas de d\u00e9bito funcionan las 24 horas del d\u00eda, los 7 d\u00edas de la semana, los 365 d\u00edas del a\u00f1o.","robots":{"index":"index","follow":"follow","max-snippet":"max-snippet:-1","max-image-preview":"max-image-preview:large","max-video-preview":"max-video-preview:-1"},"canonical":"https:\/\/www.abileneteachersfcu.org\/es\/acerca-de\/vacaciones\/","og_locale":"es_ES","og_type":"article","og_title":"Holidays - Abilene Teachers Federal Credit Union Holidays Credit Union Holidays","og_description":"Abilene Teachers FCU observes the holidays recognized by the Federal Reserve. Even when we're closed, our debit cards work hard 24\/7\/365.","og_url":"https:\/\/www.abileneteachersfcu.org\/es\/acerca-de\/vacaciones\/","og_site_name":"Abilene Teachers Federal Credit Union","article_modified_time":"2025-01-01T07:22:28+00:00","twitter_card":"summary_large_image","twitter_misc":{"Est. reading time":"1 minuto"},"schema":{"@context":"https:\/\/schema.org","@graph":[{"@type":"WebPage","@id":"https:\/\/www.abileneteachersfcu.org\/about\/holidays\/","url":"https:\/\/www.abileneteachersfcu.org\/about\/holidays\/","name":"D\u00edas festivos - D\u00edas festivos de la Cooperativa de Cr\u00e9dito Federal de Maestros de Abilene D\u00edas festivos de la Cooperativa de Cr\u00e9dito","isPartOf":{"@id":"https:\/\/www.abileneteachersfcu.org\/#website"},"datePublished":"2025-01-01T07:21:40+00:00","dateModified":"2025-01-01T07:22:28+00:00","description":"Abilene Teachers FCU observa los d\u00edas festivos reconocidos por la Reserva Federal. Incluso cuando estamos cerrados, nuestras tarjetas de d\u00e9bito funcionan las 24 horas del d\u00eda, los 7 d\u00edas de la semana, los 365 d\u00edas del a\u00f1o.","breadcrumb":{"@id":"https:\/\/www.abileneteachersfcu.org\/about\/holidays\/#breadcrumb"},"inLanguage":"es-ES","potentialAction":[{"@type":"ReadAction","target":["https:\/\/www.abileneteachersfcu.org\/about\/holidays\/"]}]},{"@type":"BreadcrumbList","@id":"https:\/\/www.abileneteachersfcu.org\/about\/holidays\/#breadcrumb","itemListElement":[{"@type":"ListItem","position":1,"name":"Home","item":"https:\/\/www.abileneteachersfcu.org\/"},{"@type":"ListItem","position":2,"name":"About Us","item":"https:\/\/www.abileneteachersfcu.org\/about\/"},{"@type":"ListItem","position":3,"name":"Holidays"}]},{"@type":"WebSite","@id":"https:\/\/www.abileneteachersfcu.org\/#website","url":"https:\/\/www.abileneteachersfcu.org\/","name":"Cooperativa de cr\u00e9dito federal de maestros de Abilene","description":"","potentialAction":[{"@type":"SearchAction","target":{"@type":"EntryPoint","urlTemplate":"https:\/\/www.abileneteachersfcu.org\/?s={search_term_string}"},"query-input":{"@type":"PropertyValueSpecification","valueRequired":true,"valueName":"search_term_string"}}],"inLanguage":"es-ES"}]}},"_links":{"self":[{"href":"https:\/\/www.abileneteachersfcu.org\/es\/wp-json\/wp\/v2\/pages\/4409","targetHints":{"allow":["GET"]}}],"collection":[{"href":"https:\/\/www.abileneteachersfcu.org\/es\/wp-json\/wp\/v2\/pages"}],"about":[{"href":"https:\/\/www.abileneteachersfcu.org\/es\/wp-json\/wp\/v2\/types\/page"}],"author":[{"embeddable":true,"href":"https:\/\/www.abileneteachersfcu.org\/es\/wp-json\/wp\/v2\/users\/11"}],"replies":[{"embeddable":true,"href":"https:\/\/www.abileneteachersfcu.org\/es\/wp-json\/wp\/v2\/comments?post=4409"}],"version-history":[{"count":5,"href":"https:\/\/www.abileneteachersfcu.org\/es\/wp-json\/wp\/v2\/pages\/4409\/revisions"}],"predecessor-version":[{"id":8007,"href":"https:\/\/www.abileneteachersfcu.org\/es\/wp-json\/wp\/v2\/pages\/4409\/revisions\/8007"}],"up":[{"embeddable":true,"href":"https:\/\/www.abileneteachersfcu.org\/es\/wp-json\/wp\/v2\/pages\/1633"}],"wp:attachment":[{"href":"https:\/\/www.abileneteachersfcu.org\/es\/wp-json\/wp\/v2\/media?parent=4409"}],"curies":[{"name":"wp","href":"https:\/\/api.w.org\/{rel}","templated":true}]}}